{"id":21,"date":"2013-02-21T13:51:57","date_gmt":"2013-02-21T11:51:57","guid":{"rendered":"http:\/\/www.ferienwohnung-wrede.de\/?page_id=21"},"modified":"2026-04-14T08:06:39","modified_gmt":"2026-04-14T06:06:39","slug":"preise","status":"publish","type":"page","link":"https:\/\/www.ferienwohnung-wrede.de\/?page_id=21","title":{"rendered":"Preise"},"content":{"rendered":"<p><strong><span style=\"font-size: 14px;\">Die Preise der Ferienwohnung Wrede gelten grunds\u00e4tzlich saisonunabh\u00e4ngig:<\/span><\/strong><\/p>\n<p><strong><span style=\"font-size: 14px;\">\n<table id=\"tablepress-1\" class=\"tablepress tablepress-id-1\">\n<thead>\n<tr class=\"row-1 odd\">\n\t<th class=\"column-1\">Anzahl der \u00dcbernachtungen<br \/>\n<\/th><th class=\"column-2\">Preis pro \u00dcbernachtung f\u00fcr 2 Personen (in Euro)<\/th><th class=\"column-3\">Jede weitere Person (in Euro)<\/th>\n<\/tr>\n<\/thead>\n<tbody class=\"row-hover\">\n<tr class=\"row-2 even\">\n\t<td class=\"column-1\">                         beliebig<\/td><td class=\"column-2\">                     80<\/td><td class=\"column-3\">                        15<\/td>\n<\/tr>\n<\/tbody>\n<\/table>\n<!-- #tablepress-1 from cache --><\/span><\/strong><\/p>\n<p><span style=\"font-size: 10pt;\"><strong>F\u00fcr eine Person berechnen wir pro \u00dcbernachtung 80 Euro.<\/strong><\/span><\/p>\n<ul>\n<li><span style=\"font-size: 10pt;\"><strong>zus\u00e4tzlich: 2,50 \u20ac Kurtaxe pro Person, Kinder bis 14 Jahren frei.<\/strong><\/span><\/li>\n<\/ul>\n<p><strong><span style=\"font-size: 14px;\"><span style=\"font-size: 10pt;\"><strong>&nbsp;Gerne erstellen wir Ihnen auch ein pers\u00f6nliches Angebot. Rufen Sie uns an! <\/strong><\/span><\/span><\/strong><\/p>\n<p><strong><span style=\"font-size: 14px;\"><span style=\"font-size: 10pt;\"><strong>&nbsp;(02973\/975838 oder 0175-3284126)<\/strong><\/span><br \/>\n<\/span><\/strong><\/p>\n<p>&nbsp;<\/p>\n<p><strong><span style=\"font-size: 14px;\"><span style=\"text-decoration: underline;\">Unser Service<\/span>:<br \/>\n<\/span><\/strong><\/p>\n<ul>\n<li><strong><span style=\"font-size: 14px;\">Bettw\u00e4sche, Endreinigung, <\/span><\/strong><span style=\"font-size: 14px;\"><b>Hand- und K\u00fcchent\u00fccher, <\/b><\/span><strong><span style=\"font-size: 14px;\">Strom und Heizung sind im Preis inbegriffen.<br \/>\n<\/span><\/strong><\/li>\n<li><span style=\"font-size: 14px;\"><b>Parkpl\u00e4tze sind direkt am Haus. Auf Wunsch k\u00f6nnen auch Garage und Carport genutzt werden. F\u00fcr Fahrr\u00e4der und Motorr\u00e4der ist ein abschlie\u00dfbarer Raum vorhanden.<\/b><\/span><span style=\"font-size: 14px;\"><b><br \/>\n<\/b><\/span><\/li>\n<\/ul>\n<p><span style=\"font-size: 14px;\">&nbsp;<\/span><\/p>\n<p><strong>Anreise: ab 15 Uhr (auf Anfrage ggf. auch fr\u00fcher)<br \/>\n<\/strong><\/p>\n<p><strong>Abreise: bis 10 Uhr<\/strong><\/p>\n<p><strong>Die Schl\u00fcssel\u00fcbergabe findet vor Ort statt.<\/strong><\/p>\n","protected":false},"excerpt":{"rendered":"<p>Die Preise der Ferienwohnung Wrede gelten grunds\u00e4tzlich saisonunabh\u00e4ngig: F\u00fcr eine Person berechnen wir pro \u00dcbernachtung 80 Euro. zus\u00e4tzlich: 2,50 \u20ac Kurtaxe pro Person, Kinder bis 14 Jahren frei. &nbsp;Gerne erstellen wir Ihnen auch ein pers\u00f6nliches Angebot. Rufen Sie uns an! &nbsp;(02973\/975838 oder 0175-3284126) &nbsp; Unser Service: Bettw\u00e4sche, Endreinigung, Hand- und K\u00fcchent\u00fccher, Strom und Heizung sind [&hellip;]<\/p>\n","protected":false},"author":1,"featured_media":0,"parent":0,"menu_order":0,"comment_status":"closed","ping_status":"closed","template":"","meta":{"ngg_post_thumbnail":0,"footnotes":""},"class_list":["post-21","page","type-page","status-publish","hentry","entry"],"_links":{"self":[{"href":"https:\/\/www.ferienwohnung-wrede.de\/index.php?rest_route=\/wp\/v2\/pages\/21","targetHints":{"allow":["GET"]}}],"collection":[{"href":"https:\/\/www.ferienwohnung-wrede.de\/index.php?rest_route=\/wp\/v2\/pages"}],"about":[{"href":"https:\/\/www.ferienwohnung-wrede.de\/index.php?rest_route=\/wp\/v2\/types\/page"}],"author":[{"embeddable":true,"href":"https:\/\/www.ferienwohnung-wrede.de\/index.php?rest_route=\/wp\/v2\/users\/1"}],"replies":[{"embeddable":true,"href":"https:\/\/www.ferienwohnung-wrede.de\/index.php?rest_route=%2Fwp%2Fv2%2Fcomments&post=21"}],"version-history":[{"count":31,"href":"https:\/\/www.ferienwohnung-wrede.de\/index.php?rest_route=\/wp\/v2\/pages\/21\/revisions"}],"predecessor-version":[{"id":697,"href":"https:\/\/www.ferienwohnung-wrede.de\/index.php?rest_route=\/wp\/v2\/pages\/21\/revisions\/697"}],"wp:attachment":[{"href":"https:\/\/www.ferienwohnung-wrede.de\/index.php?rest_route=%2Fwp%2Fv2%2Fmedia&parent=21"}],"curies":[{"name":"wp","href":"https:\/\/api.w.org\/{rel}","templated":true}]}}