{"id":13,"date":"2013-02-21T13:49:12","date_gmt":"2013-02-21T11:49:12","guid":{"rendered":"http:\/\/www.ferienwohnung-wrede.de\/?page_id=13"},"modified":"2022-11-03T17:13:05","modified_gmt":"2022-11-03T15:13:05","slug":"kuche","status":"publish","type":"page","link":"https:\/\/www.ferienwohnung-wrede.de\/?page_id=13","title":{"rendered":"K\u00fcche"},"content":{"rendered":"<p>&nbsp;<\/p>\n<p><span style=\"font-size: medium;\"><b>In der vollst\u00e4ndig eingerichteten K\u00fcche samt Abstellraum befinden sich u.a. eine Sitzecke, Sp\u00fclmaschine, K\u00fchlschrank, Backofen, Senseo Kaffeemaschine mit Pads, uvm..&nbsp;<br \/>\n<\/b><\/span><\/p>\n<p>&nbsp;<\/p>\n<!-- index.php -->\n<div\n\tclass=\"ngg-galleryoverview ngg-ajax-pagination-none\"\n\tid=\"ngg-gallery-4edb7410e1a7c99dbdb35c995f4665a9-1\">\n\n    \t<div class=\"slideshowlink\">\n        <a href='https:\/\/www.ferienwohnung-wrede.de\/index.php\/nggallery\/slideshow?page_id=13'>[Show as slideshow]<\/a>\n\t\t\n\t<\/div>\n\t\t\t<!-- Thumbnails -->\n\t\t\t\t<div id=\"ngg-image-0\" class=\"ngg-gallery-thumbnail-box\" >\n\t\t\t\t        <div class=\"ngg-gallery-thumbnail\">\n            <a href=\"https:\/\/www.ferienwohnung-wrede.de\/wp-content\/gallery\/kueche\/Ferienwohnung-Wrede-21.jpg\"\n               title=\"\"\n               data-src=\"https:\/\/www.ferienwohnung-wrede.de\/wp-content\/gallery\/kueche\/Ferienwohnung-Wrede-21.jpg\"\n               data-thumbnail=\"https:\/\/www.ferienwohnung-wrede.de\/wp-content\/gallery\/kueche\/thumbs\/thumbs_Ferienwohnung-Wrede-21.jpg\"\n               data-image-id=\"58\"\n               data-title=\"Ferienwohnung-Wrede-21\"\n               data-description=\"\"\n               data-image-slug=\"ferienwohnung-wrede-21\"\n               class=\"shutterset_4edb7410e1a7c99dbdb35c995f4665a9\">\n                <img\n                    title=\"Ferienwohnung-Wrede-21\"\n                    alt=\"Ferienwohnung-Wrede-21\"\n                    src=\"https:\/\/www.ferienwohnung-wrede.de\/wp-content\/gallery\/kueche\/thumbs\/thumbs_Ferienwohnung-Wrede-21.jpg\"\n                    width=\"100\"\n                    height=\"75\"\n                    style=\"max-width:100%;\"\n                \/>\n            <\/a>\n        <\/div>\n\t\t\t\t\t\t\t<\/div> \n\t\t\t\n        \n\t\t\t\t<div id=\"ngg-image-1\" class=\"ngg-gallery-thumbnail-box\" >\n\t\t\t\t        <div class=\"ngg-gallery-thumbnail\">\n            <a href=\"https:\/\/www.ferienwohnung-wrede.de\/wp-content\/gallery\/kueche\/Ferienwohnung-Wrede-27.jpg\"\n               title=\"\"\n               data-src=\"https:\/\/www.ferienwohnung-wrede.de\/wp-content\/gallery\/kueche\/Ferienwohnung-Wrede-27.jpg\"\n               data-thumbnail=\"https:\/\/www.ferienwohnung-wrede.de\/wp-content\/gallery\/kueche\/thumbs\/thumbs_Ferienwohnung-Wrede-27.jpg\"\n               data-image-id=\"59\"\n               data-title=\"Ferienwohnung-Wrede-27\"\n               data-description=\"\"\n               data-image-slug=\"ferienwohnung-wrede-27\"\n               class=\"shutterset_4edb7410e1a7c99dbdb35c995f4665a9\">\n                <img\n                    title=\"Ferienwohnung-Wrede-27\"\n                    alt=\"Ferienwohnung-Wrede-27\"\n                    src=\"https:\/\/www.ferienwohnung-wrede.de\/wp-content\/gallery\/kueche\/thumbs\/thumbs_Ferienwohnung-Wrede-27.jpg\"\n                    width=\"100\"\n                    height=\"75\"\n                    style=\"max-width:100%;\"\n                \/>\n            <\/a>\n        <\/div>\n\t\t\t\t\t\t\t<\/div> \n\t\t\t\n        \n\t\t\t\t<div id=\"ngg-image-2\" class=\"ngg-gallery-thumbnail-box\" >\n\t\t\t\t        <div class=\"ngg-gallery-thumbnail\">\n            <a href=\"https:\/\/www.ferienwohnung-wrede.de\/wp-content\/gallery\/kueche\/Ferienwohnung-Wrede-22.jpg\"\n               title=\"\"\n               data-src=\"https:\/\/www.ferienwohnung-wrede.de\/wp-content\/gallery\/kueche\/Ferienwohnung-Wrede-22.jpg\"\n               data-thumbnail=\"https:\/\/www.ferienwohnung-wrede.de\/wp-content\/gallery\/kueche\/thumbs\/thumbs_Ferienwohnung-Wrede-22.jpg\"\n               data-image-id=\"60\"\n               data-title=\"Ferienwohnung-Wrede-22\"\n               data-description=\"\"\n               data-image-slug=\"ferienwohnung-wrede-22\"\n               class=\"shutterset_4edb7410e1a7c99dbdb35c995f4665a9\">\n                <img\n                    title=\"Ferienwohnung-Wrede-22\"\n                    alt=\"Ferienwohnung-Wrede-22\"\n                    src=\"https:\/\/www.ferienwohnung-wrede.de\/wp-content\/gallery\/kueche\/thumbs\/thumbs_Ferienwohnung-Wrede-22.jpg\"\n                    width=\"100\"\n                    height=\"75\"\n                    style=\"max-width:100%;\"\n                \/>\n            <\/a>\n        <\/div>\n\t\t\t\t\t\t\t<\/div> \n\t\t\t\n        \n\t\t\t\t<div id=\"ngg-image-3\" class=\"ngg-gallery-thumbnail-box\" >\n\t\t\t\t        <div class=\"ngg-gallery-thumbnail\">\n            <a href=\"https:\/\/www.ferienwohnung-wrede.de\/wp-content\/gallery\/kueche\/Ferienwohnung-Wrede-23.jpg\"\n               title=\"\"\n               data-src=\"https:\/\/www.ferienwohnung-wrede.de\/wp-content\/gallery\/kueche\/Ferienwohnung-Wrede-23.jpg\"\n               data-thumbnail=\"https:\/\/www.ferienwohnung-wrede.de\/wp-content\/gallery\/kueche\/thumbs\/thumbs_Ferienwohnung-Wrede-23.jpg\"\n               data-image-id=\"61\"\n               data-title=\"Ferienwohnung-Wrede-23\"\n               data-description=\"\"\n               data-image-slug=\"ferienwohnung-wrede-23\"\n               class=\"shutterset_4edb7410e1a7c99dbdb35c995f4665a9\">\n                <img\n                    title=\"Ferienwohnung-Wrede-23\"\n                    alt=\"Ferienwohnung-Wrede-23\"\n                    src=\"https:\/\/www.ferienwohnung-wrede.de\/wp-content\/gallery\/kueche\/thumbs\/thumbs_Ferienwohnung-Wrede-23.jpg\"\n                    width=\"100\"\n                    height=\"75\"\n                    style=\"max-width:100%;\"\n                \/>\n            <\/a>\n        <\/div>\n\t\t\t\t\t\t\t<\/div> \n\t\t\t\n        \n\t\t\n\t\t<!-- Pagination -->\n\t<div class='ngg-clear'><\/div>\t<\/div>\n\n","protected":false},"excerpt":{"rendered":"<p>&nbsp; In der vollst\u00e4ndig eingerichteten K\u00fcche samt Abstellraum befinden sich u.a. eine Sitzecke, Sp\u00fclmaschine, K\u00fchlschrank, Backofen, Senseo Kaffeemaschine mit Pads, uvm..&nbsp; &nbsp;<\/p>\n","protected":false},"author":1,"featured_media":0,"parent":0,"menu_order":0,"comment_status":"closed","ping_status":"closed","template":"","meta":{"ngg_post_thumbnail":0,"footnotes":""},"class_list":["post-13","page","type-page","status-publish","hentry","entry"],"_links":{"self":[{"href":"https:\/\/www.ferienwohnung-wrede.de\/index.php?rest_route=\/wp\/v2\/pages\/13","targetHints":{"allow":["GET"]}}],"collection":[{"href":"https:\/\/www.ferienwohnung-wrede.de\/index.php?rest_route=\/wp\/v2\/pages"}],"about":[{"href":"https:\/\/www.ferienwohnung-wrede.de\/index.php?rest_route=\/wp\/v2\/types\/page"}],"author":[{"embeddable":true,"href":"https:\/\/www.ferienwohnung-wrede.de\/index.php?rest_route=\/wp\/v2\/users\/1"}],"replies":[{"embeddable":true,"href":"https:\/\/www.ferienwohnung-wrede.de\/index.php?rest_route=%2Fwp%2Fv2%2Fcomments&post=13"}],"version-history":[{"count":11,"href":"https:\/\/www.ferienwohnung-wrede.de\/index.php?rest_route=\/wp\/v2\/pages\/13\/revisions"}],"predecessor-version":[{"id":565,"href":"https:\/\/www.ferienwohnung-wrede.de\/index.php?rest_route=\/wp\/v2\/pages\/13\/revisions\/565"}],"wp:attachment":[{"href":"https:\/\/www.ferienwohnung-wrede.de\/index.php?rest_route=%2Fwp%2Fv2%2Fmedia&parent=13"}],"curies":[{"name":"wp","href":"https:\/\/api.w.org\/{rel}","templated":true}]}}